{"id":8103,"date":"2022-05-28T14:38:30","date_gmt":"2022-05-28T12:38:30","guid":{"rendered":"https:\/\/www.literam.net\/izdelek\/lite-keratin-foam-hitro-zapolni-vecje-poskodbe-las\/"},"modified":"2022-06-16T22:45:32","modified_gmt":"2022-06-16T20:45:32","slug":"lite-keratin-foam-hitro-zapolni-vecje-poskodbe-las","status":"publish","type":"product","link":"https:\/\/www.literam.net\/de\/izdelek\/lite-keratin-foam-hitro-zapolni-vecje-poskodbe-las\/","title":{"rendered":"Lite keratin foam"},"content":{"rendered":"<p>Enth\u00e4lt eine hohe Konzentration an Keratinderivaten, um gr\u00f6\u00dfere Haarsch\u00e4den auszugleichen. Das Produkt hat die Funktion eines aktiven therapeutischen Schaums, um belastetes Haar zu pflegen.<\/p>\n<p>St\u00e4rkt, pflegt und sch\u00fctzt das Haar und macht es glatter, gl\u00e4nzender und volumin\u00f6ser.<\/p>\n<p>Das Haar wird bruchsicher und splittert nicht mehr. K\u00e4mmen wird einfacher.<\/p>\n<p>Das Styling ist einfacher und die Frisuren sind best\u00e4ndiger.<\/p>\n<p>Sch\u00fctzt das Haar vor starkem Abrieb. Verhindert Haarbruch und Haarspalterei.<\/p>\n<p>F\u00fcgt eine hohe Konzentration an Keratin hinzu, um das fehlende Keratin zu ersetzen. F\u00fcllt Haare auf und repariert Sch\u00e4den. Das Haar wird glatt, fest und voll.<\/p>\n<p>Der Schaum belastet das Haar nicht, das Haar bleibt sauber, da das aufgetragene Keratin vom Haar absorbiert wird.<\/p>\n<h3>WIE IST DAS PRODUKT ANZUWENDEN?<\/h3>\n<p>F\u00fcr weniger strapaziertes Haar eine Handvoll Schaum auftragen, in das Haar sanft einmassieren, gut k\u00e4mmen und die Frisur formen.<\/p>\n<p>Bei extrem strapaziertem Haar zwei Handvoll Schaum auf das gewaschene Haar auftragen, sanft einmassieren, k\u00e4mmen und 5 Minuten einwirken lassen. Schnell mit Wasser absp\u00fclen. Wenn n\u00f6tig, f\u00fcgen Sie vor dem Stylen noch eine Handvoll Schaum hinzu, k\u00e4mmen und formen Sie Ihre Frisur. Auf diese Weise bindet sich der Schaum im Haar und f\u00fcllt es dort auf, wo es ben\u00f6tigt wird.<\/p>\n<p>Der Schaum kann nach jedem Waschen aufgetragen werden.<\/p>\n<h3>WAS SIND DIE VORTEILE DER VERWENDUNG VON LITE KERATIN FOAM?<\/h3>\n<ul>\n<li>Festeres Haar<\/li>\n<li>Gr\u00f6\u00dferes Haarvolumen<\/li>\n<li>Glatte Haaroberfl\u00e4che<\/li>\n<li>Einfacheres K\u00e4mmen<\/li>\n<li>Gl\u00e4nzendes und gesundes Haar<\/li>\n<li>Best\u00e4ndige Frisur<\/li>\n<li>Gesch\u00fctztes Haar<\/li>\n<li>Mehr Stylingsm\u00f6glichkeiten<\/li>\n<\/ul>\n<p>&nbsp;<\/p>\n<p><img fetchpriority=\"high\" decoding=\"async\" class=\"alignnone size-full wp-image-4547\" src=\"https:\/\/www.literam.net\/wp-content\/uploads\/2018\/07\/Untitled-design-5.jpg\" alt=\"\" width=\"800\" height=\"1000\" title=\"\"><\/p>\n","protected":false},"excerpt":{"rendered":"<p>Der einzigartige therapeutische Schaum, der die Haarfollikel ausreichend pflegt und dem Haar Volumen verleiht. Ideal f\u00fcr die Anwendung an den Wurzeln, um das Haar zu st\u00e4rken. F\u00fcr Haarspitzen nicht so geeignet.<\/p>\n","protected":false},"featured_media":16194,"comment_status":"closed","ping_status":"closed","template":"","meta":[],"product_brand":[],"product_cat":[350],"product_tag":[],"class_list":{"0":"post-8103","1":"product","2":"type-product","3":"status-publish","4":"has-post-thumbnail","6":"product_cat-haarpflege","8":"first","9":"instock","10":"shipping-taxable","11":"purchasable","12":"product-type-simple"},"_links":{"self":[{"href":"https:\/\/www.literam.net\/de\/wp-json\/wp\/v2\/product\/8103","targetHints":{"allow":["GET"]}}],"collection":[{"href":"https:\/\/www.literam.net\/de\/wp-json\/wp\/v2\/product"}],"about":[{"href":"https:\/\/www.literam.net\/de\/wp-json\/wp\/v2\/types\/product"}],"replies":[{"embeddable":true,"href":"https:\/\/www.literam.net\/de\/wp-json\/wp\/v2\/comments?post=8103"}],"wp:featuredmedia":[{"embeddable":true,"href":"https:\/\/www.literam.net\/de\/wp-json\/wp\/v2\/media\/16194"}],"wp:attachment":[{"href":"https:\/\/www.literam.net\/de\/wp-json\/wp\/v2\/media?parent=8103"}],"wp:term":[{"taxonomy":"product_brand","embeddable":true,"href":"https:\/\/www.literam.net\/de\/wp-json\/wp\/v2\/product_brand?post=8103"},{"taxonomy":"product_cat","embeddable":true,"href":"https:\/\/www.literam.net\/de\/wp-json\/wp\/v2\/product_cat?post=8103"},{"taxonomy":"product_tag","embeddable":true,"href":"https:\/\/www.literam.net\/de\/wp-json\/wp\/v2\/product_tag?post=8103"}],"curies":[{"name":"wp","href":"https:\/\/api.w.org\/{rel}","templated":true}]}}