{"id":8108,"date":"2022-05-28T14:34:34","date_gmt":"2022-05-28T12:34:34","guid":{"rendered":"https:\/\/www.literam.net\/izdelek\/lite-keratips-repair-zapolni-najbolj-zahtevne-poskodbe-na-laseh-popravi-razcepljene-in-grobe-konice\/"},"modified":"2022-06-16T22:54:55","modified_gmt":"2022-06-16T20:54:55","slug":"lite-keratips-repair-zapolni-najbolj-zahtevne-poskodbe-na-laseh-popravi-razcepljene-in-grobe-konice","status":"publish","type":"product","link":"https:\/\/www.literam.net\/de\/izdelek\/lite-keratips-repair-zapolni-najbolj-zahtevne-poskodbe-na-laseh-popravi-razcepljene-in-grobe-konice\/","title":{"rendered":"Lite keratips repair"},"content":{"rendered":"<p>Fl\u00fcssigkeit mit hoher Konzentration an Keratin repariert gespaltene und grobe Haarspitzen.<\/p>\n<p>Repariert (f\u00fcllt) hochpor\u00f6ses Haar, das durch intensive F\u00e4rbung und andere chemische Behandlungen entsteht.<\/p>\n<p>Nach Gebrauch werden die Haarspitzen stark, fest, restauriert und bleiben geschmeidig.<\/p>\n<p>Sch\u00fctzt die Haarspitzen, da die Molek\u00fcle klein genug sind, um auch feinstes Haar zu durchdringen, wenn Sch\u00e4den auftreten. Geeignet zum Schutz und zur St\u00e4rkung der Spitzen die bis zur n\u00e4chsten W\u00e4sche aufgef\u00fcllt und gesch\u00fctzt werden.<\/p>\n<p>Die Frisur wird best\u00e4ndiger.<\/p>\n<p>Der Abnutzungsprozess wird verlangsamt.<\/p>\n<h3>WIE IST DAS PRODUKT ANZUWENDEN?<\/h3>\n<p>Tragen Sie eine kleine Menge des Produkts nach dem Waschen auf das feuchte Haar auf, konzentrieren Sie sich besonders auf die Teile, die besondere Pflege ben\u00f6tigen, und k\u00e4mmen Sie Ihr Haar.<\/p>\n<p>Wenn das Haar sehr fein ist, k\u00f6nnen Sie das Produkt auf die gesamte Haarstruktur und auf die gesamte L\u00e4nge auftragen. Auf das feuchte Haar auftragen und danach k\u00e4mmen.<\/p>\n<h3>WAS SIND DIE VORTEILE VON LITE KERATIPS REPAIR?<\/h3>\n<ul>\n<li>Es f\u00fcllt die am meisten besch\u00e4digten Teile des Haares auf und verl\u00e4ngert die Lebensdauer des Haares.<\/li>\n<li>St\u00e4rkt und sch\u00fctzt die Haare.<\/li>\n<li>Dies Haare werden l\u00e4nger.<\/li>\n<li>Raues und dichtes Haar wird wieder glatt.<\/li>\n<li>Nat\u00fcrliches, feines und empfindliches Haar wird verst\u00e4rkt, die Lebensdauer des Haares wird verl\u00e4ngert.<\/li>\n<li>Weiches Haar wird dicht und fest.<\/li>\n<li>D\u00fcnne, lange und farbige Haarspitzen werden verst\u00e4rkt.<\/li>\n<\/ul>\n<p><img fetchpriority=\"high\" decoding=\"async\" class=\"alignnone size-full wp-image-4553\" src=\"https:\/\/www.literam.net\/wp-content\/uploads\/2018\/07\/Untitled-design-6.jpg\" alt=\"\" width=\"800\" height=\"1000\" title=\"\"><\/p>\n","protected":false},"excerpt":{"rendered":"<p>Dieses Produkt eignet sich f\u00fcr trockene, gespaltene und besch\u00e4digte Haarspitze. Es f\u00fcllt die besch\u00e4digten feinen Teile des Haares von innen nach au\u00dfen, macht das Haar fester, dicker und beugt Bruch vor. Verl\u00e4ngert die Lebensdauer der Haare.<\/p>\n","protected":false},"featured_media":16431,"comment_status":"closed","ping_status":"closed","template":"","meta":[],"product_brand":[],"product_cat":[350],"product_tag":[],"class_list":{"0":"post-8108","1":"product","2":"type-product","3":"status-publish","4":"has-post-thumbnail","6":"product_cat-haarpflege","8":"first","9":"instock","10":"shipping-taxable","11":"purchasable","12":"product-type-simple"},"_links":{"self":[{"href":"https:\/\/www.literam.net\/de\/wp-json\/wp\/v2\/product\/8108","targetHints":{"allow":["GET"]}}],"collection":[{"href":"https:\/\/www.literam.net\/de\/wp-json\/wp\/v2\/product"}],"about":[{"href":"https:\/\/www.literam.net\/de\/wp-json\/wp\/v2\/types\/product"}],"replies":[{"embeddable":true,"href":"https:\/\/www.literam.net\/de\/wp-json\/wp\/v2\/comments?post=8108"}],"wp:featuredmedia":[{"embeddable":true,"href":"https:\/\/www.literam.net\/de\/wp-json\/wp\/v2\/media\/16431"}],"wp:attachment":[{"href":"https:\/\/www.literam.net\/de\/wp-json\/wp\/v2\/media?parent=8108"}],"wp:term":[{"taxonomy":"product_brand","embeddable":true,"href":"https:\/\/www.literam.net\/de\/wp-json\/wp\/v2\/product_brand?post=8108"},{"taxonomy":"product_cat","embeddable":true,"href":"https:\/\/www.literam.net\/de\/wp-json\/wp\/v2\/product_cat?post=8108"},{"taxonomy":"product_tag","embeddable":true,"href":"https:\/\/www.literam.net\/de\/wp-json\/wp\/v2\/product_tag?post=8108"}],"curies":[{"name":"wp","href":"https:\/\/api.w.org\/{rel}","templated":true}]}}